{"id":87,"date":"2019-12-19T19:36:12","date_gmt":"2019-12-19T19:36:12","guid":{"rendered":"https:\/\/safplusconsortium.com\/fr\/?page_id=87"},"modified":"2023-10-20T13:23:04","modified_gmt":"2023-10-20T13:23:04","slug":"toutes-les-nouvelles","status":"publish","type":"page","link":"https:\/\/safplusconsortium.com\/fr\/toutes-les-nouvelles\/","title":{"rendered":"Nouvelles"},"content":{"rendered":"\t\t<div data-elementor-type=\"wp-page\" data-elementor-id=\"87\" class=\"elementor elementor-87\" data-elementor-post-type=\"page\">\n\t\t\t\t\t\t<div class=\"elementor-inner\">\n\t\t\t\t<div class=\"elementor-section-wrap\">\n\t\t\t\t\t\t\t\t\t<section class=\"elementor-section elementor-top-section elementor-element elementor-element-41f3b9a elementor-section-height-min-height elementor-section-boxed elementor-section-height-default elementor-section-items-middle\" data-id=\"41f3b9a\" data-element_type=\"section\" data-settings=\"{&quot;background_background&quot;:&quot;classic&quot;}\">\n\t\t\t\t\t\t\t<div class=\"elementor-background-overlay\"><\/div>\n\t\t\t\t\t\t\t<div class=\"elementor-container elementor-column-gap-default\">\n\t\t\t\t\t\t\t<div class=\"elementor-row\">\n\t\t\t\t\t<div class=\"elementor-column elementor-col-100 elementor-top-column elementor-element elementor-element-c57c8ed\" data-id=\"c57c8ed\" data-element_type=\"column\">\n\t\t\t<div class=\"elementor-column-wrap elementor-element-populated\">\n\t\t\t\t\t\t\t<div class=\"elementor-widget-wrap\">\n\t\t\t\t\t\t<div class=\"elementor-element elementor-element-7e5b4e9 animated-slow elementor-invisible elementor-widget elementor-widget-heading\" data-id=\"7e5b4e9\" data-element_type=\"widget\" data-settings=\"{&quot;_animation&quot;:&quot;fadeIn&quot;,&quot;_animation_delay&quot;:200}\" data-widget_type=\"heading.default\">\n\t\t\t\t<div class=\"elementor-widget-container\">\n\t\t\t<h1 class=\"elementor-heading-title elementor-size-default\">NOUVELLES<\/h1>\t\t<\/div>\n\t\t\t\t<\/div>\n\t\t\t\t\t\t<\/div>\n\t\t\t\t\t<\/div>\n\t\t<\/div>\n\t\t\t\t\t\t\t\t<\/div>\n\t\t\t\t\t<\/div>\n\t\t<\/section>\n\t\t\t\t<section class=\"elementor-section elementor-top-section elementor-element elementor-element-293ca7f elementor-section-boxed elementor-section-height-default elementor-section-height-default\" data-id=\"293ca7f\" data-element_type=\"section\">\n\t\t\t\t\t\t<div class=\"elementor-container elementor-column-gap-default\">\n\t\t\t\t\t\t\t<div class=\"elementor-row\">\n\t\t\t\t\t<div class=\"elementor-column elementor-col-100 elementor-top-column elementor-element elementor-element-b60daba\" data-id=\"b60daba\" data-element_type=\"column\">\n\t\t\t<div class=\"elementor-column-wrap elementor-element-populated\">\n\t\t\t\t\t\t\t<div class=\"elementor-widget-wrap\">\n\t\t\t\t\t\t<div class=\"elementor-element elementor-element-41a3531 elementor-grid-1 elementor-grid-tablet-2 elementor-grid-mobile-1 elementor-posts--thumbnail-top elementor-widget elementor-widget-posts\" data-id=\"41a3531\" data-element_type=\"widget\" id=\"news-page\" data-settings=\"{&quot;classic_columns&quot;:&quot;1&quot;,&quot;pagination_type&quot;:&quot;numbers&quot;,&quot;classic_columns_tablet&quot;:&quot;2&quot;,&quot;classic_columns_mobile&quot;:&quot;1&quot;,&quot;classic_row_gap&quot;:{&quot;unit&quot;:&quot;px&quot;,&quot;size&quot;:35,&quot;sizes&quot;:[]},&quot;classic_row_gap_tablet&quot;:{&quot;unit&quot;:&quot;px&quot;,&quot;size&quot;:&quot;&quot;,&quot;sizes&quot;:[]},&quot;classic_row_gap_mobile&quot;:{&quot;unit&quot;:&quot;px&quot;,&quot;size&quot;:&quot;&quot;,&quot;sizes&quot;:[]}}\" data-widget_type=\"posts.classic\">\n\t\t\t\t<div class=\"elementor-widget-container\">\n\t\t\t\t\t<div class=\"elementor-posts-container elementor-posts elementor-posts--skin-classic elementor-grid\">\n\t\t\t\t<article class=\"elementor-post elementor-grid-item post-2520 post type-post status-publish format-standard has-post-thumbnail hentry category-nouvelles category-saf\">\n\t\t\t\t<a class=\"elementor-post__thumbnail__link\" href=\"https:\/\/safplusconsortium.com\/fr\/h2v-et-consortium-saf-signent-un-accord-de-collaboration-industrielle-en-matiere-de-carburants\/\" >\n\t\t\t<div class=\"elementor-post__thumbnail\"><img loading=\"lazy\" decoding=\"async\" width=\"965\" height=\"460\" src=\"https:\/\/safplusconsortium.com\/fr\/wp-content\/uploads\/sites\/2\/2023\/10\/SE-Signature-2.png\" class=\"attachment-large size-large wp-image-2899\" alt=\"\" srcset=\"https:\/\/safplusconsortium.com\/fr\/wp-content\/uploads\/sites\/2\/2023\/10\/SE-Signature-2.png 965w, https:\/\/safplusconsortium.com\/fr\/wp-content\/uploads\/sites\/2\/2023\/10\/SE-Signature-2-300x143.png 300w, https:\/\/safplusconsortium.com\/fr\/wp-content\/uploads\/sites\/2\/2023\/10\/SE-Signature-2-768x366.png 768w, https:\/\/safplusconsortium.com\/fr\/wp-content\/uploads\/sites\/2\/2023\/10\/SE-Signature-2-230x110.png 230w, https:\/\/safplusconsortium.com\/fr\/wp-content\/uploads\/sites\/2\/2023\/10\/SE-Signature-2-350x167.png 350w, https:\/\/safplusconsortium.com\/fr\/wp-content\/uploads\/sites\/2\/2023\/10\/SE-Signature-2-480x229.png 480w\" sizes=\"auto, (max-width: 965px) 100vw, 965px\" \/><\/div>\n\t\t<\/a>\n\t\t\t\t<div class=\"elementor-post__text\">\n\t\t\t\t<h2 class=\"elementor-post__title\">\n\t\t\t<a href=\"https:\/\/safplusconsortium.com\/fr\/h2v-et-consortium-saf-signent-un-accord-de-collaboration-industrielle-en-matiere-de-carburants\/\" >\n\t\t\t\tLe Consortium SAF+ signe un protocole d&rsquo;accord avec Schneider Electric\t\t\t<\/a>\n\t\t<\/h2>\n\t\t\t\t<div class=\"elementor-post__meta-data\">\n\t\t\t\t\t<span class=\"elementor-post-date\">\n\t\t\tjuillet 2, 2024\t\t<\/span>\n\t\t\t\t<\/div>\n\t\t\t\t<div class=\"elementor-post__excerpt\">\n\t\t\t<p>Paris, le 2\u00a0juillet 2024 \u2014 Le Groupe SAF+ International, leader mondial dans la production et la commercialisation de l&rsquo;e-SAF (Electro Sustainable Aviation Fuel), a sign\u00e9 un protocole d&rsquo;accord avec Schneider Electric. \u00ab\u2009Cet acte fondateur est le point de d\u00e9part d&rsquo;une ambition partag\u00e9e pour atteindre les objectifs de d\u00e9carbonisation du secteur de l&rsquo;aviation\u2009\u00bb, d\u00e9clare Jean Paquin, fondateur et PDG de SAF+IG. Le gouvernement canadien, et en particulier l&rsquo;Ambassade du Canada en France, a apport\u00e9 un soutien continu pour rendre cette \u00e9tape possible. Cet accord confirme l&rsquo;expertise d\u00e9velopp\u00e9e par le Consortium SAF+ dans son usine de Montr\u00e9al depuis 2021. <\/p>\n\t\t<\/div>\n\t\t\n\t\t<a class=\"elementor-post__read-more\" href=\"https:\/\/safplusconsortium.com\/fr\/h2v-et-consortium-saf-signent-un-accord-de-collaboration-industrielle-en-matiere-de-carburants\/\" aria-label=\"En savoir plus sur Le Consortium SAF+ signe un protocole d&rsquo;accord avec Schneider Electric\" >\n\t\t\tLire la suite \u00bb\t\t<\/a>\n\n\t\t\t\t<\/div>\n\t\t\t\t<\/article>\n\t\t\t\t<article class=\"elementor-post elementor-grid-item post-1897 post type-post status-publish format-standard has-post-thumbnail hentry category-podcast category-saf\">\n\t\t\t\t<a class=\"elementor-post__thumbnail__link\" href=\"https:\/\/safplusconsortium.com\/fr\/jean-paquin-president-et-chef-de-la-direction-de-saf-en-entrevue-dans-the-saf-podcast\/\" >\n\t\t\t<div class=\"elementor-post__thumbnail\"><img loading=\"lazy\" decoding=\"async\" width=\"1024\" height=\"576\" src=\"https:\/\/safplusconsortium.com\/fr\/wp-content\/uploads\/sites\/2\/2023\/09\/Remplissage-de-lavion-16X9.-1600-v2--1024x576.png\" class=\"attachment-large size-large wp-image-1906\" alt=\"Remplissage de l\u2019avion\" srcset=\"https:\/\/safplusconsortium.com\/fr\/wp-content\/uploads\/sites\/2\/2023\/09\/Remplissage-de-lavion-16X9.-1600-v2--1024x576.png 1024w, https:\/\/safplusconsortium.com\/fr\/wp-content\/uploads\/sites\/2\/2023\/09\/Remplissage-de-lavion-16X9.-1600-v2--300x169.png 300w, https:\/\/safplusconsortium.com\/fr\/wp-content\/uploads\/sites\/2\/2023\/09\/Remplissage-de-lavion-16X9.-1600-v2--768x432.png 768w, https:\/\/safplusconsortium.com\/fr\/wp-content\/uploads\/sites\/2\/2023\/09\/Remplissage-de-lavion-16X9.-1600-v2--1536x863.png 1536w, https:\/\/safplusconsortium.com\/fr\/wp-content\/uploads\/sites\/2\/2023\/09\/Remplissage-de-lavion-16X9.-1600-v2--1000x562.png 1000w, https:\/\/safplusconsortium.com\/fr\/wp-content\/uploads\/sites\/2\/2023\/09\/Remplissage-de-lavion-16X9.-1600-v2--230x129.png 230w, https:\/\/safplusconsortium.com\/fr\/wp-content\/uploads\/sites\/2\/2023\/09\/Remplissage-de-lavion-16X9.-1600-v2--350x197.png 350w, https:\/\/safplusconsortium.com\/fr\/wp-content\/uploads\/sites\/2\/2023\/09\/Remplissage-de-lavion-16X9.-1600-v2--480x270.png 480w, https:\/\/safplusconsortium.com\/fr\/wp-content\/uploads\/sites\/2\/2023\/09\/Remplissage-de-lavion-16X9.-1600-v2-.png 1601w\" sizes=\"auto, (max-width: 1024px) 100vw, 1024px\" \/><\/div>\n\t\t<\/a>\n\t\t\t\t<div class=\"elementor-post__text\">\n\t\t\t\t<h2 class=\"elementor-post__title\">\n\t\t\t<a href=\"https:\/\/safplusconsortium.com\/fr\/jean-paquin-president-et-chef-de-la-direction-de-saf-en-entrevue-dans-the-saf-podcast\/\" >\n\t\t\t\tJean Paquin, pr\u00e9sident et chef de la direction de SAF+ en entrevue dans The SAF Podcast\t\t\t<\/a>\n\t\t<\/h2>\n\t\t\t\t<div class=\"elementor-post__meta-data\">\n\t\t\t\t\t<span class=\"elementor-post-date\">\n\t\t\tseptembre 20, 2023\t\t<\/span>\n\t\t\t\t<\/div>\n\t\t\t\t<div class=\"elementor-post__excerpt\">\n\t\t\t<p>Le pr\u00e9sident et chef de la direction de Consortium SAF+, Jean Paquin, a accord\u00e9 une entrevue \u00e0 Alasdair Whyte dans un r\u00e9cent \u00e9pisode de The SAF Podcast. Au cours de la discussion, Jean explique comment SAF+ fait figure de pionnier dans la transition vers une aviation durable en r\u00e9duisant l\u2019empreinte carbone du carburant \u00e0 z\u00e9ro \u00e9mission nette d\u2019ici 2050. Il pr\u00e9sente les progr\u00e8s r\u00e9cents de son \u00e9quipe en vue de la mise sur pied d\u2019un portfolio international de sites de production d\u2019e-SAF en Europe, en Am\u00e9rique du Nord et dans d\u2019autres r\u00e9gions du monde. \u00c0 la lumi\u00e8re de cette discussion, il est clair que SAF+ est en mesure d\u2019offrir une int\u00e9gration technologique de pointe en vue de fournir une solution durable et exceptionnelle, pr\u00eate \u00e0 \u00eatre commercialis\u00e9e, pour la d\u00e9carbonation du secteur de l\u2019aviation. <\/p>\n\t\t<\/div>\n\t\t\n\t\t<a class=\"elementor-post__read-more\" href=\"https:\/\/safplusconsortium.com\/fr\/jean-paquin-president-et-chef-de-la-direction-de-saf-en-entrevue-dans-the-saf-podcast\/\" aria-label=\"En savoir plus sur Jean Paquin, pr\u00e9sident et chef de la direction de SAF+ en entrevue dans The SAF Podcast\" >\n\t\t\tLire la suite \u00bb\t\t<\/a>\n\n\t\t\t\t<\/div>\n\t\t\t\t<\/article>\n\t\t\t\t<article class=\"elementor-post elementor-grid-item post-601 post type-post status-publish format-standard has-post-thumbnail hentry category-nouvelles category-saf\">\n\t\t\t\t<a class=\"elementor-post__thumbnail__link\" href=\"https:\/\/safplusconsortium.com\/fr\/consortium-saf-signe-un-protocole-daccord-avec-le-groupe-air-france-klm-pour-lapprovisionnement-de-carburant-durable-e-saf\/\" >\n\t\t\t<div class=\"elementor-post__thumbnail\"><img loading=\"lazy\" decoding=\"async\" width=\"1024\" height=\"576\" src=\"https:\/\/safplusconsortium.com\/fr\/wp-content\/uploads\/sites\/2\/2023\/07\/SAF-Consortium_Air-France-KLM-Group-Announcement-e1690042313716-1024x576.jpg\" class=\"attachment-large size-large wp-image-603\" alt=\"Consortium SAF+ signe un protocole d\u2019accord avec le Groupe Air France-KLM pour l\u2019approvisionnement de carburant durable e-SAF\" srcset=\"https:\/\/safplusconsortium.com\/fr\/wp-content\/uploads\/sites\/2\/2023\/07\/SAF-Consortium_Air-France-KLM-Group-Announcement-e1690042313716-1024x576.jpg 1024w, https:\/\/safplusconsortium.com\/fr\/wp-content\/uploads\/sites\/2\/2023\/07\/SAF-Consortium_Air-France-KLM-Group-Announcement-e1690042313716-300x169.jpg 300w, https:\/\/safplusconsortium.com\/fr\/wp-content\/uploads\/sites\/2\/2023\/07\/SAF-Consortium_Air-France-KLM-Group-Announcement-e1690042313716-768x432.jpg 768w, https:\/\/safplusconsortium.com\/fr\/wp-content\/uploads\/sites\/2\/2023\/07\/SAF-Consortium_Air-France-KLM-Group-Announcement-e1690042313716-1000x563.jpg 1000w, https:\/\/safplusconsortium.com\/fr\/wp-content\/uploads\/sites\/2\/2023\/07\/SAF-Consortium_Air-France-KLM-Group-Announcement-e1690042313716-230x129.jpg 230w, https:\/\/safplusconsortium.com\/fr\/wp-content\/uploads\/sites\/2\/2023\/07\/SAF-Consortium_Air-France-KLM-Group-Announcement-e1690042313716-350x197.jpg 350w, https:\/\/safplusconsortium.com\/fr\/wp-content\/uploads\/sites\/2\/2023\/07\/SAF-Consortium_Air-France-KLM-Group-Announcement-e1690042313716-480x270.jpg 480w, https:\/\/safplusconsortium.com\/fr\/wp-content\/uploads\/sites\/2\/2023\/07\/SAF-Consortium_Air-France-KLM-Group-Announcement-e1690042313716.jpg 1280w\" sizes=\"auto, (max-width: 1024px) 100vw, 1024px\" \/><\/div>\n\t\t<\/a>\n\t\t\t\t<div class=\"elementor-post__text\">\n\t\t\t\t<h2 class=\"elementor-post__title\">\n\t\t\t<a href=\"https:\/\/safplusconsortium.com\/fr\/consortium-saf-signe-un-protocole-daccord-avec-le-groupe-air-france-klm-pour-lapprovisionnement-de-carburant-durable-e-saf\/\" >\n\t\t\t\tConsortium SAF+ signe un protocole d\u2019accord avec le Groupe Air France KLM pour l\u2019approvisionnement de carburant durable e-SAF\t\t\t<\/a>\n\t\t<\/h2>\n\t\t\t\t<div class=\"elementor-post__meta-data\">\n\t\t\t\t\t<span class=\"elementor-post-date\">\n\t\t\tjuillet 22, 2023\t\t<\/span>\n\t\t\t\t<\/div>\n\t\t\t\t<div class=\"elementor-post__excerpt\">\n\t\t\t<p>Consortium SAF+, chef de file mondial sp\u00e9cialis\u00e9 dans la production et la commercialisation de carburant durable e-SAF (Electro Sustainable Aviation Fuel), a sign\u00e9 un protocole d\u2019accord avec le Groupe Air France-KLM pour l\u2019approvisionnement de carburant e-SAF de seconde g\u00e9n\u00e9ration dans le cadre du Salon International de l&rsquo;A\u00e9ronautique et de l&rsquo;Espace de Paris-Le-Bourget. Les premi\u00e8res livraisons de carburant sont pr\u00e9vues d\u2019ici 2030. Cette entente confirme l\u2019expertise d\u00e9velopp\u00e9e par Consortium SAF+ au sein de son usine \u00e9tablie \u00e0 Montr\u00e9al depuis 2021. <\/p>\n\t\t<\/div>\n\t\t\n\t\t<a class=\"elementor-post__read-more\" href=\"https:\/\/safplusconsortium.com\/fr\/consortium-saf-signe-un-protocole-daccord-avec-le-groupe-air-france-klm-pour-lapprovisionnement-de-carburant-durable-e-saf\/\" aria-label=\"En savoir plus sur Consortium SAF+ signe un protocole d\u2019accord avec le Groupe Air France KLM pour l\u2019approvisionnement de carburant durable e-SAF\" >\n\t\t\tLire la suite \u00bb\t\t<\/a>\n\n\t\t\t\t<\/div>\n\t\t\t\t<\/article>\n\t\t\t\t<article class=\"elementor-post elementor-grid-item post-517 post type-post status-publish format-standard has-post-thumbnail hentry category-nouvelles category-saf\">\n\t\t\t\t<a class=\"elementor-post__thumbnail__link\" href=\"https:\/\/safplusconsortium.com\/fr\/airbus-canada-pratt-whitney-canada-et-le-consortium-saf-collaborent-au-developpement-de-carburants-aeronautiques-durables-de-nouvelle-generation-au-quebec-canada-en-anglais\/\" >\n\t\t\t<div class=\"elementor-post__thumbnail\"><img loading=\"lazy\" decoding=\"async\" width=\"1024\" height=\"684\" src=\"https:\/\/safplusconsortium.com\/fr\/wp-content\/uploads\/sites\/2\/2023\/05\/SAF_243carolineperronphotographies22-2048x1367-1-1024x684.jpeg\" class=\"attachment-large size-large wp-image-619\" alt=\"\" srcset=\"https:\/\/safplusconsortium.com\/fr\/wp-content\/uploads\/sites\/2\/2023\/05\/SAF_243carolineperronphotographies22-2048x1367-1-1024x684.jpeg 1024w, https:\/\/safplusconsortium.com\/fr\/wp-content\/uploads\/sites\/2\/2023\/05\/SAF_243carolineperronphotographies22-2048x1367-1-300x200.jpeg 300w, https:\/\/safplusconsortium.com\/fr\/wp-content\/uploads\/sites\/2\/2023\/05\/SAF_243carolineperronphotographies22-2048x1367-1-768x513.jpeg 768w, https:\/\/safplusconsortium.com\/fr\/wp-content\/uploads\/sites\/2\/2023\/05\/SAF_243carolineperronphotographies22-2048x1367-1-1536x1025.jpeg 1536w, https:\/\/safplusconsortium.com\/fr\/wp-content\/uploads\/sites\/2\/2023\/05\/SAF_243carolineperronphotographies22-2048x1367-1-1000x667.jpeg 1000w, https:\/\/safplusconsortium.com\/fr\/wp-content\/uploads\/sites\/2\/2023\/05\/SAF_243carolineperronphotographies22-2048x1367-1-230x154.jpeg 230w, https:\/\/safplusconsortium.com\/fr\/wp-content\/uploads\/sites\/2\/2023\/05\/SAF_243carolineperronphotographies22-2048x1367-1-350x234.jpeg 350w, https:\/\/safplusconsortium.com\/fr\/wp-content\/uploads\/sites\/2\/2023\/05\/SAF_243carolineperronphotographies22-2048x1367-1-480x320.jpeg 480w, https:\/\/safplusconsortium.com\/fr\/wp-content\/uploads\/sites\/2\/2023\/05\/SAF_243carolineperronphotographies22-2048x1367-1.jpeg 2048w\" sizes=\"auto, (max-width: 1024px) 100vw, 1024px\" \/><\/div>\n\t\t<\/a>\n\t\t\t\t<div class=\"elementor-post__text\">\n\t\t\t\t<h2 class=\"elementor-post__title\">\n\t\t\t<a href=\"https:\/\/safplusconsortium.com\/fr\/airbus-canada-pratt-whitney-canada-et-le-consortium-saf-collaborent-au-developpement-de-carburants-aeronautiques-durables-de-nouvelle-generation-au-quebec-canada-en-anglais\/\" >\n\t\t\t\tAirbus Canada, Pratt &#038; Whitney Canada et le Consortium SAF+ collaborent au d\u00e9veloppement de carburants a\u00e9ronautiques durables de nouvelle g\u00e9n\u00e9ration au Qu\u00e9bec, Canada [en anglais].\t\t\t<\/a>\n\t\t<\/h2>\n\t\t\t\t<div class=\"elementor-post__meta-data\">\n\t\t\t\t\t<span class=\"elementor-post-date\">\n\t\t\tmai 17, 2023\t\t<\/span>\n\t\t\t\t<\/div>\n\t\t\t\t<div class=\"elementor-post__excerpt\">\n\t\t\t<p>Modifier Colonne SAF+ est fi\u00e8re de collaborer avec Airbus et Pratt &#038; Whitney dans le cadre de cette initiative passionnante visant \u00e0 d\u00e9velopper la prochaine g\u00e9n\u00e9ration de carburants a\u00e9ronautiques durables, avec le soutien du gouvernement du Qu\u00e9bec.<\/p>\n\t\t<\/div>\n\t\t\n\t\t<a class=\"elementor-post__read-more\" href=\"https:\/\/safplusconsortium.com\/fr\/airbus-canada-pratt-whitney-canada-et-le-consortium-saf-collaborent-au-developpement-de-carburants-aeronautiques-durables-de-nouvelle-generation-au-quebec-canada-en-anglais\/\" aria-label=\"En savoir plus sur Airbus Canada, Pratt &#038; Whitney Canada et le Consortium SAF+ collaborent au d\u00e9veloppement de carburants a\u00e9ronautiques durables de nouvelle g\u00e9n\u00e9ration au Qu\u00e9bec, Canada [en anglais].\" >\n\t\t\tLire la suite \u00bb\t\t<\/a>\n\n\t\t\t\t<\/div>\n\t\t\t\t<\/article>\n\t\t\t\t<article class=\"elementor-post elementor-grid-item post-1030 post type-post status-publish format-standard has-post-thumbnail hentry category-nouvelles category-saf category-uncategorized\">\n\t\t\t\t<a class=\"elementor-post__thumbnail__link\" href=\"https:\/\/safplusconsortium.com\/fr\/consortium-saf-honore-dans-le-cadre-de-la-remise-des-grand-prix-du-genie-conseil-quebecois\/\" >\n\t\t\t<div class=\"elementor-post__thumbnail\"><img loading=\"lazy\" decoding=\"async\" width=\"1024\" height=\"575\" src=\"https:\/\/safplusconsortium.com\/fr\/wp-content\/uploads\/sites\/2\/2023\/08\/award-news-item-Gala-AFG-0-1024x575.png\" class=\"attachment-large size-large wp-image-1032\" alt=\"Consortium SAF+ honor\u00e9 dans le cadre de la remise des Grand Prix du g\u00e9nie-conseil qu\u00e9b\u00e9cois\" srcset=\"https:\/\/safplusconsortium.com\/fr\/wp-content\/uploads\/sites\/2\/2023\/08\/award-news-item-Gala-AFG-0-1024x575.png 1024w, https:\/\/safplusconsortium.com\/fr\/wp-content\/uploads\/sites\/2\/2023\/08\/award-news-item-Gala-AFG-0-300x169.png 300w, https:\/\/safplusconsortium.com\/fr\/wp-content\/uploads\/sites\/2\/2023\/08\/award-news-item-Gala-AFG-0-768x431.png 768w, https:\/\/safplusconsortium.com\/fr\/wp-content\/uploads\/sites\/2\/2023\/08\/award-news-item-Gala-AFG-0-1000x562.png 1000w, https:\/\/safplusconsortium.com\/fr\/wp-content\/uploads\/sites\/2\/2023\/08\/award-news-item-Gala-AFG-0-230x129.png 230w, https:\/\/safplusconsortium.com\/fr\/wp-content\/uploads\/sites\/2\/2023\/08\/award-news-item-Gala-AFG-0-350x197.png 350w, https:\/\/safplusconsortium.com\/fr\/wp-content\/uploads\/sites\/2\/2023\/08\/award-news-item-Gala-AFG-0-480x270.png 480w, https:\/\/safplusconsortium.com\/fr\/wp-content\/uploads\/sites\/2\/2023\/08\/award-news-item-Gala-AFG-0.png 1198w\" sizes=\"auto, (max-width: 1024px) 100vw, 1024px\" \/><\/div>\n\t\t<\/a>\n\t\t\t\t<div class=\"elementor-post__text\">\n\t\t\t\t<h2 class=\"elementor-post__title\">\n\t\t\t<a href=\"https:\/\/safplusconsortium.com\/fr\/consortium-saf-honore-dans-le-cadre-de-la-remise-des-grand-prix-du-genie-conseil-quebecois\/\" >\n\t\t\t\tConsortium SAF+ honor\u00e9 dans le cadre de la remise des Grand Prix du g\u00e9nie-conseil qu\u00e9b\u00e9cois\t\t\t<\/a>\n\t\t<\/h2>\n\t\t\t\t<div class=\"elementor-post__meta-data\">\n\t\t\t\t\t<span class=\"elementor-post-date\">\n\t\t\tseptembre 28, 2022\t\t<\/span>\n\t\t\t\t<\/div>\n\t\t\t\t<div class=\"elementor-post__excerpt\">\n\t\t\t<p>Les leaders dans le domaine de l\u2019ing\u00e9nierie ont \u00e9t\u00e9 r\u00e9compens\u00e9s pour des projets exemplaires lors de la 20e \u00e9dition des Grands Prix du g\u00e9nie-conseil qu\u00e9b\u00e9cois, \u00e9v\u00e9nement pr\u00e9sent\u00e9 le 28 septembre 2022 \u00e0 Montr\u00e9al par l\u2019Association des firmes de g\u00e9nie-conseil \u2013 Qu\u00e9bec (AFG).<\/p>\n\t\t<\/div>\n\t\t\n\t\t<a class=\"elementor-post__read-more\" href=\"https:\/\/safplusconsortium.com\/fr\/consortium-saf-honore-dans-le-cadre-de-la-remise-des-grand-prix-du-genie-conseil-quebecois\/\" aria-label=\"En savoir plus sur Consortium SAF+ honor\u00e9 dans le cadre de la remise des Grand Prix du g\u00e9nie-conseil qu\u00e9b\u00e9cois\" >\n\t\t\tLire la suite \u00bb\t\t<\/a>\n\n\t\t\t\t<\/div>\n\t\t\t\t<\/article>\n\t\t\t\t<\/div>\n\t\t\n\t\t\t\t<div class=\"e-load-more-anchor\" data-page=\"1\" data-max-page=\"4\" data-next-page=\"https:\/\/safplusconsortium.com\/fr\/wp-json\/wp\/v2\/pages\/87\/page\/2\/\"><\/div>\n\t\t\t\t<nav class=\"elementor-pagination\" aria-label=\"Pagination\">\n\t\t\t<span aria-current=\"page\" class=\"page-numbers current\"><span class=\"elementor-screen-only\">Page<\/span>1<\/span>\n<a class=\"page-numbers\" href=\"https:\/\/safplusconsortium.com\/fr\/wp-json\/wp\/v2\/pages\/87\/page\/2\/\"><span class=\"elementor-screen-only\">Page<\/span>2<\/a>\n<a class=\"page-numbers\" href=\"https:\/\/safplusconsortium.com\/fr\/wp-json\/wp\/v2\/pages\/87\/page\/3\/\"><span class=\"elementor-screen-only\">Page<\/span>3<\/a>\n<a class=\"page-numbers\" href=\"https:\/\/safplusconsortium.com\/fr\/wp-json\/wp\/v2\/pages\/87\/page\/4\/\"><span class=\"elementor-screen-only\">Page<\/span>4<\/a>\t\t<\/nav>\n\t\t\t\t<\/div>\n\t\t\t\t<\/div>\n\t\t\t\t\t\t<\/div>\n\t\t\t\t\t<\/div>\n\t\t<\/div>\n\t\t\t\t\t\t\t\t<\/div>\n\t\t\t\t\t<\/div>\n\t\t<\/section>\n\t\t\t\t<section class=\"elementor-section elementor-top-section elementor-element elementor-element-ea70bd7 elementor-section-boxed elementor-section-height-default elementor-section-height-default\" data-id=\"ea70bd7\" data-element_type=\"section\">\n\t\t\t\t\t\t<div class=\"elementor-container elementor-column-gap-default\">\n\t\t\t\t\t\t\t<div class=\"elementor-row\">\n\t\t\t\t\t<div class=\"elementor-column elementor-col-100 elementor-top-column elementor-element elementor-element-948cc50\" data-id=\"948cc50\" data-element_type=\"column\">\n\t\t\t<div class=\"elementor-column-wrap elementor-element-populated\">\n\t\t\t\t\t\t\t<div class=\"elementor-widget-wrap\">\n\t\t\t\t\t\t<div class=\"elementor-element elementor-element-87a469f elementor-widget elementor-widget-heading\" data-id=\"87a469f\" data-element_type=\"widget\" data-widget_type=\"heading.default\">\n\t\t\t\t<div class=\"elementor-widget-container\">\n\t\t\t<h2 class=\"elementor-heading-title elementor-size-default\">SAF+ CONVERTI LE CO2 EN CARBURANTS PROPRES POUR L'AVIATION<\/h2>\t\t<\/div>\n\t\t\t\t<\/div>\n\t\t\t\t<div class=\"elementor-element elementor-element-c45ddfa elementor-widget-divider--view-line elementor-widget elementor-widget-divider\" data-id=\"c45ddfa\" data-element_type=\"widget\" data-widget_type=\"divider.default\">\n\t\t\t\t<div class=\"elementor-widget-container\">\n\t\t\t\t\t<div class=\"elementor-divider\">\n\t\t\t<span class=\"elementor-divider-separator\">\n\t\t\t\t\t\t<\/span>\n\t\t<\/div>\n\t\t\t\t<\/div>\n\t\t\t\t<\/div>\n\t\t\t\t\t\t<\/div>\n\t\t\t\t\t<\/div>\n\t\t<\/div>\n\t\t\t\t\t\t\t\t<\/div>\n\t\t\t\t\t<\/div>\n\t\t<\/section>\n\t\t\t\t<section class=\"elementor-section elementor-top-section elementor-element elementor-element-0e407b2 elementor-section-boxed elementor-section-height-default elementor-section-height-default\" data-id=\"0e407b2\" data-element_type=\"section\">\n\t\t\t\t\t\t<div class=\"elementor-container elementor-column-gap-default\">\n\t\t\t\t\t\t\t<div class=\"elementor-row\">\n\t\t\t\t\t<div class=\"elementor-column elementor-col-100 elementor-top-column elementor-element elementor-element-6632966\" data-id=\"6632966\" data-element_type=\"column\">\n\t\t\t<div class=\"elementor-column-wrap elementor-element-populated\">\n\t\t\t\t\t\t\t<div class=\"elementor-widget-wrap\">\n\t\t\t\t\t\t<div class=\"elementor-element elementor-element-5235fe7 elementor-widget elementor-widget-video\" data-id=\"5235fe7\" data-element_type=\"widget\" data-settings=\"{&quot;youtube_url&quot;:&quot;https:\\\/\\\/www.youtube.com\\\/watch?v=xLoEmq1ZLVI&quot;,&quot;video_type&quot;:&quot;youtube&quot;,&quot;controls&quot;:&quot;yes&quot;}\" data-widget_type=\"video.default\">\n\t\t\t\t<div class=\"elementor-widget-container\">\n\t\t\t\t\t<div class=\"elementor-wrapper elementor-open-inline\">\n\t\t\t<div class=\"elementor-video\"><\/div>\t\t<\/div>\n\t\t\t\t<\/div>\n\t\t\t\t<\/div>\n\t\t\t\t\t\t<\/div>\n\t\t\t\t\t<\/div>\n\t\t<\/div>\n\t\t\t\t\t\t\t\t<\/div>\n\t\t\t\t\t<\/div>\n\t\t<\/section>\n\t\t\t\t\t\t\t\t\t<\/div>\n\t\t\t<\/div>\n\t\t\t\t\t<\/div>\n\t\t","protected":false},"excerpt":{"rendered":"<p>NOUVELLES SAF+ CONVERTI LE CO2 EN CARBURANTS PROPRES POUR L&rsquo;AVIATION<\/p>\n","protected":false},"author":5,"featured_media":0,"parent":0,"menu_order":0,"comment_status":"closed","ping_status":"closed","template":"elementor_header_footer","meta":{"inline_featured_image":false,"om_disable_all_campaigns":false,"_mi_skip_tracking":false,"_exactmetrics_sitenote_active":false,"_exactmetrics_sitenote_note":"","_exactmetrics_sitenote_category":0,"_monsterinsights_skip_tracking":false,"_monsterinsights_sitenote_active":false,"_monsterinsights_sitenote_note":"","_monsterinsights_sitenote_category":0,"footnotes":""},"class_list":["post-87","page","type-page","status-publish","hentry"],"aioseo_notices":[],"_links":{"self":[{"href":"https:\/\/safplusconsortium.com\/fr\/wp-json\/wp\/v2\/pages\/87","targetHints":{"allow":["GET"]}}],"collection":[{"href":"https:\/\/safplusconsortium.com\/fr\/wp-json\/wp\/v2\/pages"}],"about":[{"href":"https:\/\/safplusconsortium.com\/fr\/wp-json\/wp\/v2\/types\/page"}],"author":[{"embeddable":true,"href":"https:\/\/safplusconsortium.com\/fr\/wp-json\/wp\/v2\/users\/5"}],"replies":[{"embeddable":true,"href":"https:\/\/safplusconsortium.com\/fr\/wp-json\/wp\/v2\/comments?post=87"}],"version-history":[{"count":60,"href":"https:\/\/safplusconsortium.com\/fr\/wp-json\/wp\/v2\/pages\/87\/revisions"}],"predecessor-version":[{"id":2549,"href":"https:\/\/safplusconsortium.com\/fr\/wp-json\/wp\/v2\/pages\/87\/revisions\/2549"}],"wp:attachment":[{"href":"https:\/\/safplusconsortium.com\/fr\/wp-json\/wp\/v2\/media?parent=87"}],"curies":[{"name":"wp","href":"https:\/\/api.w.org\/{rel}","templated":true}]}}